{"id":297,"date":"2021-12-16T16:09:06","date_gmt":"2021-12-16T16:09:06","guid":{"rendered":"https:\/\/www.cinemesroses.cat\/index.php\/now-playing\/"},"modified":"2022-03-08T18:09:03","modified_gmt":"2022-03-08T18:09:03","slug":"cartelera","status":"publish","type":"page","link":"https:\/\/www.cinemesroses.cat\/es\/cartelera\/","title":{"rendered":"Cartelera"},"content":{"rendered":"<p>[vc_row][vc_column][vc_column_text css=\u00bb.vc_custom_1643398339679{margin-top: -40px !important;margin-bottom: 50px !important;}\u00bb el_class=\u00bbamy-title\u00bb]<\/p>\n<h2>Cartelera en Cinemes Roses<\/h2>\n<p>[\/vc_column_text]<div class=\"amy-movie-layout-list \"><div class=\"amy-movie-list\">\n<div class=\"amy-movie-items\">\n<div class=\"amy-movie-item entry-item\">\n<div class=\"amy-movie-item-inner\">\n<div class=\"amy-movie-item-front\">\n<div class=\"amy-movie-item-poster\">\n<a href=\"https:\/\/www.cinemesroses.cat\/es\/pelicula\/el-diablo-viste-de-prada-2-30-dabril\/\">\n<img decoding=\"async\" src=\"https:\/\/www.cinemesroses.cat\/wp-content\/uploads\/2026\/04\/2026-El-diablo-viste-de-Prada-2-The-devil-wears-Prada-2-tt33612209-Espanol-196x336_c.jpg\" \/>\n<\/a>\n\n<\/div>\n<\/div>\n<div class=\"amy-movie-item-back\"><div class=\"amy-movie-item-back-inner\">\n<div class=\"amy-movie-item-content\">\n<h3 class=\"amy-movie-field-title\"><a href=\"https:\/\/www.cinemesroses.cat\/es\/pelicula\/el-diablo-viste-de-prada-2-30-dabril\/\">El diablo viste de Prada 2. (30 d\u00b4abril)<\/a><\/h3>\n\n<div class=\"amy-movie-item-meta\">\n\n<span class=\"amy-movie-field-duration\"><i class=\"fa fa-clock-o\"><\/i>02 horas 00 minutos<\/span>\n<\/div>\n<div class=\"amy-movie-field-desc\"><p>Seq\u00fcela d'El diablo viste de Prada en qu\u00e8 David Frankel torna a dirigir Meryl Streep, Anne ...<\/p><\/div>\n<div class=\"amy-movie-custom-field-group amy-movie-field-amy_genre\">\n<label class=\"amy-movie-custom-field-label\">G\u00e9nero:<\/label>\n<div class=\"amy-movie-custom-field-content\">\n<a href=\"https:\/\/www.cinemesroses.cat\/es\/gen\/cartelera\/\">CARTELERA<\/a>, <a href=\"https:\/\/www.cinemesroses.cat\/es\/gen\/comedia\/\">Comedia<\/a>, <a href=\"https:\/\/www.cinemesroses.cat\/es\/gen\/drama\/\">Drama<\/a>\n<\/div>\n<\/div>\n<div class=\"amy-movie-custom-field-group amy-movie-field-amy_actor\">\n<label class=\"amy-movie-custom-field-label\">Actor:<\/label>\n<div class=\"amy-movie-custom-field-content\">\n<a href=\"https:\/\/www.cinemesroses.cat\/es\/actor\/anne-hathaway\/\">Anne Hathaway<\/a>, <a href=\"https:\/\/www.cinemesroses.cat\/es\/actor\/emily-blunt\/\">Emily Blunt<\/a>, <a href=\"https:\/\/www.cinemesroses.cat\/es\/actor\/justin-theroux\/\">Justin Theroux<\/a>, <a href=\"https:\/\/www.cinemesroses.cat\/es\/actor\/kenneth-branagh\/\">Kenneth Branagh<\/a>, <a href=\"https:\/\/www.cinemesroses.cat\/es\/actor\/lucy-liu\/\">Lucy Liu<\/a>, <a href=\"https:\/\/www.cinemesroses.cat\/es\/actor\/meryl-streep\/\">Meryl Streep<\/a>, <a href=\"https:\/\/www.cinemesroses.cat\/es\/actor\/simone-ashley\/\">Simone Ashley<\/a>, <a href=\"https:\/\/www.cinemesroses.cat\/es\/actor\/stanley-tucci\/\">Stanley Tucci<\/a>, <a href=\"https:\/\/www.cinemesroses.cat\/es\/actor\/tibor-feldman\/\">Tibor Feldman<\/a>, <a href=\"https:\/\/www.cinemesroses.cat\/es\/actor\/tracie-thoms\/\">Tracie Thoms<\/a>\n<\/div>\n<\/div>\n<div class=\"amy-movie-custom-field-group amy-movie-field-amy_director\">\n<label class=\"amy-movie-custom-field-label\">Director:<\/label>\n<div class=\"amy-movie-custom-field-content\">\n<a href=\"https:\/\/www.cinemesroses.cat\/es\/director\/david-frankel\/\">David Frankel<\/a>\n<\/div>\n<\/div>\n<\/div>\n<div class=\"amy-movie-item-button\">\n<a href=\"https:\/\/www.youtube.com\/embed\/IQD3qh7te2o\" class=\"amy-btn-icon-text link-detail fancybox.iframe amy-fancybox\">\n<i class=\"fa fa-play\"><\/i>Trailer<\/a>\n<a class=\"amy-btn-icon-text link-detail\" href=\"https:\/\/www.cinemesroses.cat\/es\/pelicula\/el-diablo-viste-de-prada-2-30-dabril\/\">\n<i class=\"fa fa-info\"><\/i>Detalle<\/a>\n<\/div>\n<\/div><\/div>\n<\/div>\n<\/div>\n<div class=\"amy-movie-item entry-item\">\n<div class=\"amy-movie-item-inner\">\n<div class=\"amy-movie-item-front\">\n<div class=\"amy-movie-item-poster\">\n<a href=\"https:\/\/www.cinemesroses.cat\/es\/pelicula\/incontrolable-30-dabril\/\">\n<img decoding=\"async\" src=\"https:\/\/www.cinemesroses.cat\/wp-content\/uploads\/2026\/04\/2025-Incontrolable-I-swear-tt31514146-Espanol-196x336_c.jpg\" \/>\n<\/a>\n\n<\/div>\n<\/div>\n<div class=\"amy-movie-item-back\"><div class=\"amy-movie-item-back-inner\">\n<div class=\"amy-movie-item-content\">\n<h3 class=\"amy-movie-field-title\"><a href=\"https:\/\/www.cinemesroses.cat\/es\/pelicula\/incontrolable-30-dabril\/\">Incontrolable. (30 d\u00b4abril)<\/a><\/h3>\n\n<div class=\"amy-movie-item-meta\">\n\n<span class=\"amy-movie-field-duration\"><i class=\"fa fa-clock-o\"><\/i>02 horas 00 minutos<\/span>\n<\/div>\n<div class=\"amy-movie-field-desc\"><p>La hist\u00f2ria real de John Davidson. Diagnosticat amb la s\u00edndrome de Tourette als 15 anys, assenyalat ...<\/p><\/div>\n<div class=\"amy-movie-custom-field-group amy-movie-field-amy_genre\">\n<label class=\"amy-movie-custom-field-label\">G\u00e9nero:<\/label>\n<div class=\"amy-movie-custom-field-content\">\n<a href=\"https:\/\/www.cinemesroses.cat\/es\/gen\/biografic\/\">Biogr\u00e0fic<\/a>, <a href=\"https:\/\/www.cinemesroses.cat\/es\/gen\/cartelera\/\">CARTELERA<\/a>, <a href=\"https:\/\/www.cinemesroses.cat\/es\/gen\/comedia\/\">Comedia<\/a>, <a href=\"https:\/\/www.cinemesroses.cat\/es\/gen\/drama\/\">Drama<\/a>\n<\/div>\n<\/div>\n<div class=\"amy-movie-custom-field-group amy-movie-field-amy_actor\">\n<label class=\"amy-movie-custom-field-label\">Actor:<\/label>\n<div class=\"amy-movie-custom-field-content\">\n<a href=\"https:\/\/www.cinemesroses.cat\/es\/actor\/adam-mcnamara\/\">Adam McNamara<\/a>, <a href=\"https:\/\/www.cinemesroses.cat\/es\/actor\/chris-dixon\/\">Chris Dixon<\/a>, <a href=\"https:\/\/www.cinemesroses.cat\/es\/actor\/douglas-rankine\/\">Douglas Rankine<\/a>, <a href=\"https:\/\/www.cinemesroses.cat\/es\/actor\/louise-stewart\/\">Louise Stewart<\/a>, <a href=\"https:\/\/www.cinemesroses.cat\/es\/actor\/maxine-peake\/\">Maxine Peake<\/a>, <a href=\"https:\/\/www.cinemesroses.cat\/es\/actor\/paul-donnelly\/\">Paul Donnelly<\/a>, <a href=\"https:\/\/www.cinemesroses.cat\/es\/actor\/peter-mullan\/\">Peter Mullan<\/a>, <a href=\"https:\/\/www.cinemesroses.cat\/es\/actor\/robert-aramayo\/\">Robert Aramayo<\/a>, <a href=\"https:\/\/www.cinemesroses.cat\/es\/actor\/scott-ellis-watson\/\">Scott Ellis Watson<\/a>, <a href=\"https:\/\/www.cinemesroses.cat\/es\/actor\/shirley-henderson\/\">Shirley Henderson<\/a>\n<\/div>\n<\/div>\n<div class=\"amy-movie-custom-field-group amy-movie-field-amy_director\">\n<label class=\"amy-movie-custom-field-label\">Director:<\/label>\n<div class=\"amy-movie-custom-field-content\">\n<a href=\"https:\/\/www.cinemesroses.cat\/es\/director\/kirk-jones\/\">Kirk Jones<\/a>\n<\/div>\n<\/div>\n<\/div>\n<div class=\"amy-movie-item-button\">\n<a href=\"https:\/\/www.youtube.com\/embed\/0GpFrpgrIvI\" class=\"amy-btn-icon-text link-detail fancybox.iframe amy-fancybox\">\n<i class=\"fa fa-play\"><\/i>Trailer<\/a>\n<a class=\"amy-btn-icon-text link-detail\" href=\"https:\/\/www.cinemesroses.cat\/es\/pelicula\/incontrolable-30-dabril\/\">\n<i class=\"fa fa-info\"><\/i>Detalle<\/a>\n<\/div>\n<\/div><\/div>\n<\/div>\n<\/div>\n<div class=\"amy-movie-item entry-item\">\n<div class=\"amy-movie-item-inner\">\n<div class=\"amy-movie-item-front\">\n<div class=\"amy-movie-item-poster\">\n<a href=\"https:\/\/www.cinemesroses.cat\/es\/pelicula\/michael-22-abril\/\">\n<img decoding=\"async\" src=\"https:\/\/www.cinemesroses.cat\/wp-content\/uploads\/2026\/04\/2026-Michael-tt11378946-Espanol-2-196x336_c.jpg\" \/>\n<\/a>\n\n<\/div>\n<\/div>\n<div class=\"amy-movie-item-back\"><div class=\"amy-movie-item-back-inner\">\n<div class=\"amy-movie-item-content\">\n<h3 class=\"amy-movie-field-title\"><a href=\"https:\/\/www.cinemesroses.cat\/es\/pelicula\/michael-22-abril\/\">Michael.<\/a><\/h3>\n\n<div class=\"amy-movie-item-meta\">\n\n<span class=\"amy-movie-field-duration\"><i class=\"fa fa-clock-o\"><\/i>02 horas 10 minutos<\/span>\n<\/div>\n<div class=\"amy-movie-field-desc\"><p>Biopic d'Antoine Fuqua sobre Michael jackson. Protagonitzat pel nebot de l'artista, Jaafar Jackson, mostra el viatge ...<\/p><\/div>\n<div class=\"amy-movie-custom-field-group amy-movie-field-amy_genre\">\n<label class=\"amy-movie-custom-field-label\">G\u00e9nero:<\/label>\n<div class=\"amy-movie-custom-field-content\">\n<a href=\"https:\/\/www.cinemesroses.cat\/es\/gen\/biografic\/\">Biogr\u00e0fic<\/a>, <a href=\"https:\/\/www.cinemesroses.cat\/es\/gen\/cartelera\/\">CARTELERA<\/a>, <a href=\"https:\/\/www.cinemesroses.cat\/es\/gen\/drama\/\">Drama<\/a>, <a href=\"https:\/\/www.cinemesroses.cat\/es\/gen\/musical\/\">Musical<\/a>\n<\/div>\n<\/div>\n<div class=\"amy-movie-custom-field-group amy-movie-field-amy_actor\">\n<label class=\"amy-movie-custom-field-label\">Actor:<\/label>\n<div class=\"amy-movie-custom-field-content\">\n<a href=\"https:\/\/www.cinemesroses.cat\/es\/actor\/colman-domingo\/\">Colman Domingo<\/a>, <a href=\"https:\/\/www.cinemesroses.cat\/es\/actor\/jaafar-jackson\/\">Jaafar Jackson<\/a>, <a href=\"https:\/\/www.cinemesroses.cat\/es\/actor\/jamal-henderson\/\">Jamal Henderson<\/a>, <a href=\"https:\/\/www.cinemesroses.cat\/es\/actor\/jessica-sula\/\">Jessica Sula<\/a>, <a href=\"https:\/\/www.cinemesroses.cat\/es\/actor\/joseph-david-jones\/\">Joseph David-Jones<\/a>, <a href=\"https:\/\/www.cinemesroses.cat\/es\/actor\/kat-graham\/\">Kat Graham<\/a>, <a href=\"https:\/\/www.cinemesroses.cat\/es\/actor\/kendrick-sampson\/\">Kendrick Sampson<\/a>, <a href=\"https:\/\/www.cinemesroses.cat\/es\/actor\/laura-harrier\/\">Laura Harrier<\/a>, <a href=\"https:\/\/www.cinemesroses.cat\/es\/actor\/miles-teller\/\">Miles Teller<\/a>, <a href=\"https:\/\/www.cinemesroses.cat\/es\/actor\/nia-long\/\">Nia Long<\/a>\n<\/div>\n<\/div>\n<div class=\"amy-movie-custom-field-group amy-movie-field-amy_director\">\n<label class=\"amy-movie-custom-field-label\">Director:<\/label>\n<div class=\"amy-movie-custom-field-content\">\n<a href=\"https:\/\/www.cinemesroses.cat\/es\/director\/antoine-fuqua\/\">Antoine Fuqua<\/a>\n<\/div>\n<\/div>\n<\/div>\n<div class=\"amy-movie-item-button\">\n<a href=\"https:\/\/www.youtube.com\/embed\/O9N0KcvY6PE\" class=\"amy-btn-icon-text link-detail fancybox.iframe amy-fancybox\">\n<i class=\"fa fa-play\"><\/i>Trailer<\/a>\n<a class=\"amy-btn-icon-text link-detail\" href=\"https:\/\/www.cinemesroses.cat\/es\/pelicula\/michael-22-abril\/\">\n<i class=\"fa fa-info\"><\/i>Detalle<\/a>\n<\/div>\n<\/div><\/div>\n<\/div>\n<\/div>\n<div class=\"amy-movie-item entry-item\">\n<div class=\"amy-movie-item-inner\">\n<div class=\"amy-movie-item-front\">\n<div class=\"amy-movie-item-poster\">\n<a href=\"https:\/\/www.cinemesroses.cat\/es\/pelicula\/kraken-el-libro-negro-de-las-horas-22-abril\/\">\n<img decoding=\"async\" src=\"https:\/\/www.cinemesroses.cat\/wp-content\/uploads\/2026\/04\/2026-Kraken.-El-libro-negro-de-las-horas-tt38875976-Espanol-196x336_c.jpg\" \/>\n<\/a>\n\n<\/div>\n<\/div>\n<div class=\"amy-movie-item-back\"><div class=\"amy-movie-item-back-inner\">\n<div class=\"amy-movie-item-content\">\n<h3 class=\"amy-movie-field-title\"><a href=\"https:\/\/www.cinemesroses.cat\/es\/pelicula\/kraken-el-libro-negro-de-las-horas-22-abril\/\">Kraken: El libro negro de las horas.<\/a><\/h3>\n\n<div class=\"amy-movie-item-meta\">\n\n<span class=\"amy-movie-field-duration\"><i class=\"fa fa-clock-o\"><\/i>01 horas 55 minutos<\/span>\n<\/div>\n<div class=\"amy-movie-field-desc\"><p>Adaptaci\u00f3 de la novel\u00b7la polic\u00edaca escrita per Eva Garc\u00eda S\u00e1enz d'Urturi que es desenvolupa a Vit\u00f2ria ...<\/p><\/div>\n<div class=\"amy-movie-custom-field-group amy-movie-field-amy_genre\">\n<label class=\"amy-movie-custom-field-label\">G\u00e9nero:<\/label>\n<div class=\"amy-movie-custom-field-content\">\n<a href=\"https:\/\/www.cinemesroses.cat\/es\/gen\/cartelera\/\">CARTELERA<\/a>, <a href=\"https:\/\/www.cinemesroses.cat\/es\/gen\/intriga\/\">Intriga<\/a>, <a href=\"https:\/\/www.cinemesroses.cat\/es\/gen\/thriller\/\">Thriller<\/a>\n<\/div>\n<\/div>\n<div class=\"amy-movie-custom-field-group amy-movie-field-amy_actor\">\n<label class=\"amy-movie-custom-field-label\">Actor:<\/label>\n<div class=\"amy-movie-custom-field-content\">\n<a href=\"https:\/\/www.cinemesroses.cat\/es\/actor\/aitziber-luma\/\">Aitziber Luma<\/a>, <a href=\"https:\/\/www.cinemesroses.cat\/es\/actor\/alejo-sauras\/\">Alejo Sauras<\/a>, <a href=\"https:\/\/www.cinemesroses.cat\/es\/actor\/maggie-civantos\/\">Maggie Civantos<\/a>, <a href=\"https:\/\/www.cinemesroses.cat\/es\/actor\/martin-urrutia\/\">Martin Urrutia<\/a>, <a href=\"https:\/\/www.cinemesroses.cat\/es\/actor\/natalia-millan\/\">Natalia Mill\u00e1n<\/a>, <a href=\"https:\/\/www.cinemesroses.cat\/es\/actor\/natalia-rodriguez\/\">Natalia Rodr\u00edguez<\/a>\n<\/div>\n<\/div>\n<div class=\"amy-movie-custom-field-group amy-movie-field-amy_director\">\n<label class=\"amy-movie-custom-field-label\">Director:<\/label>\n<div class=\"amy-movie-custom-field-content\">\n<a href=\"https:\/\/www.cinemesroses.cat\/es\/director\/joaquin-llamas\/\">Joaqu\u00edn Llamas<\/a>, <a href=\"https:\/\/www.cinemesroses.cat\/es\/director\/manuel-sanabria\/\">Manuel Sanabria<\/a>\n<\/div>\n<\/div>\n<\/div>\n<div class=\"amy-movie-item-button\">\n<a href=\"https:\/\/www.youtube.com\/embed\/dy6RufR1NRw\" class=\"amy-btn-icon-text link-detail fancybox.iframe amy-fancybox\">\n<i class=\"fa fa-play\"><\/i>Trailer<\/a>\n<a class=\"amy-btn-icon-text link-detail\" href=\"https:\/\/www.cinemesroses.cat\/es\/pelicula\/kraken-el-libro-negro-de-las-horas-22-abril\/\">\n<i class=\"fa fa-info\"><\/i>Detalle<\/a>\n<\/div>\n<\/div><\/div>\n<\/div>\n<\/div>\n<div class=\"amy-movie-item entry-item\">\n<div class=\"amy-movie-item-inner\">\n<div class=\"amy-movie-item-front\">\n<div class=\"amy-movie-item-poster\">\n<a href=\"https:\/\/www.cinemesroses.cat\/es\/pelicula\/la-momia-17-dabril\/\">\n<img decoding=\"async\" src=\"https:\/\/www.cinemesroses.cat\/wp-content\/uploads\/2026\/04\/2026-La-momia-de-Lee-Cronin-196x336_c.jpg\" \/>\n<\/a>\n\n<\/div>\n<\/div>\n<div class=\"amy-movie-item-back\"><div class=\"amy-movie-item-back-inner\">\n<div class=\"amy-movie-item-content\">\n<h3 class=\"amy-movie-field-title\"><a href=\"https:\/\/www.cinemesroses.cat\/es\/pelicula\/la-momia-17-dabril\/\">La Momia de Lee Cronin.<\/a><\/h3>\n\n<div class=\"amy-movie-item-meta\">\n\n<span class=\"amy-movie-field-duration\"><i class=\"fa fa-clock-o\"><\/i>02 horas 15 minutos<\/span>\n<\/div>\n<div class=\"amy-movie-field-desc\"><p>La jove filla d'un periodista desapareix al desert sense deixar rastre-vuit anys m\u00e9s tard, la fam\u00edlia ...<\/p><\/div>\n<div class=\"amy-movie-custom-field-group amy-movie-field-amy_genre\">\n<label class=\"amy-movie-custom-field-label\">G\u00e9nero:<\/label>\n<div class=\"amy-movie-custom-field-content\">\n<a href=\"https:\/\/www.cinemesroses.cat\/es\/gen\/cartelera\/\">CARTELERA<\/a>, <a href=\"https:\/\/www.cinemesroses.cat\/es\/gen\/terror\/\">Terror<\/a>, <a href=\"https:\/\/www.cinemesroses.cat\/es\/gen\/thriller\/\">Thriller<\/a>\n<\/div>\n<\/div>\n<div class=\"amy-movie-custom-field-group amy-movie-field-amy_actor\">\n<label class=\"amy-movie-custom-field-label\">Actor:<\/label>\n<div class=\"amy-movie-custom-field-content\">\n<a href=\"https:\/\/www.cinemesroses.cat\/es\/actor\/billie-roy\/\">Billie Roy<\/a>, <a href=\"https:\/\/www.cinemesroses.cat\/es\/actor\/hayat-kamille\/\">Hayat Kamille<\/a>, <a href=\"https:\/\/www.cinemesroses.cat\/es\/actor\/jack-reynor\/\">Jack Reynor<\/a>, <a href=\"https:\/\/www.cinemesroses.cat\/es\/actor\/laia-costa\/\">Laia Costa<\/a>, <a href=\"https:\/\/www.cinemesroses.cat\/es\/actor\/may-calamawy\/\">May Calamawy<\/a>, <a href=\"https:\/\/www.cinemesroses.cat\/es\/actor\/may-elghety\/\">May Elghety<\/a>, <a href=\"https:\/\/www.cinemesroses.cat\/es\/actor\/natalie-grace\/\">Natalie Grace<\/a>, <a href=\"https:\/\/www.cinemesroses.cat\/es\/actor\/shylo-molina\/\">Shylo Molina<\/a>, <a href=\"https:\/\/www.cinemesroses.cat\/es\/actor\/veronica-falcon\/\">Veronica Falc\u00f3n<\/a>\n<\/div>\n<\/div>\n<div class=\"amy-movie-custom-field-group amy-movie-field-amy_director\">\n<label class=\"amy-movie-custom-field-label\">Director:<\/label>\n<div class=\"amy-movie-custom-field-content\">\n<a href=\"https:\/\/www.cinemesroses.cat\/es\/director\/lee-cronin\/\">Lee Cronin<\/a>\n<\/div>\n<\/div>\n<\/div>\n<div class=\"amy-movie-item-button\">\n<a href=\"https:\/\/www.youtube.com\/embed\/CqnQ4s-L9Mg\" class=\"amy-btn-icon-text link-detail fancybox.iframe amy-fancybox\">\n<i class=\"fa fa-play\"><\/i>Trailer<\/a>\n<a class=\"amy-btn-icon-text link-detail\" href=\"https:\/\/www.cinemesroses.cat\/es\/pelicula\/la-momia-17-dabril\/\">\n<i class=\"fa fa-info\"><\/i>Detalle<\/a>\n<\/div>\n<\/div><\/div>\n<\/div>\n<\/div>\n<div class=\"amy-movie-item entry-item\">\n<div class=\"amy-movie-item-inner\">\n<div class=\"amy-movie-item-front\">\n<div class=\"amy-movie-item-poster\">\n<a href=\"https:\/\/www.cinemesroses.cat\/es\/pelicula\/la-familia-beneton-2-17-dabril\/\">\n<img decoding=\"async\" src=\"https:\/\/www.cinemesroses.cat\/wp-content\/uploads\/2026\/04\/2026-La-familia-Beneton-2-196x336_c.jpg\" \/>\n<\/a>\n\n<\/div>\n<\/div>\n<div class=\"amy-movie-item-back\"><div class=\"amy-movie-item-back-inner\">\n<div class=\"amy-movie-item-content\">\n<h3 class=\"amy-movie-field-title\"><a href=\"https:\/\/www.cinemesroses.cat\/es\/pelicula\/la-familia-beneton-2-17-dabril\/\">La familia Benet\u00f3n +2.<\/a><\/h3>\n\n<div class=\"amy-movie-item-meta\">\n\n<span class=\"amy-movie-field-duration\"><i class=\"fa fa-clock-o\"><\/i>01 horas 35 minutos<\/span>\n<\/div>\n<div class=\"amy-movie-field-desc\"><p>Seq\u00fcela de la com\u00e8dia familiar La fam\u00edlia Benet\u00f3n que torna a estar dirigida per Joaqu\u00edn Maz\u00f3n ...<\/p><\/div>\n<div class=\"amy-movie-custom-field-group amy-movie-field-amy_genre\">\n<label class=\"amy-movie-custom-field-label\">G\u00e9nero:<\/label>\n<div class=\"amy-movie-custom-field-content\">\n<a href=\"https:\/\/www.cinemesroses.cat\/es\/gen\/cartelera\/\">CARTELERA<\/a>, <a href=\"https:\/\/www.cinemesroses.cat\/es\/gen\/comedia\/\">Comedia<\/a>\n<\/div>\n<\/div>\n<div class=\"amy-movie-custom-field-group amy-movie-field-amy_actor\">\n<label class=\"amy-movie-custom-field-label\">Actor:<\/label>\n<div class=\"amy-movie-custom-field-content\">\n<a href=\"https:\/\/www.cinemesroses.cat\/es\/actor\/ali-dia\/\">Al\u00ed Dia<\/a>, <a href=\"https:\/\/www.cinemesroses.cat\/es\/actor\/anabel-alonso\/\">Anabel Alonso<\/a>, <a href=\"https:\/\/www.cinemesroses.cat\/es\/actor\/diego-montejo\/\">Diego Montejo<\/a>, <a href=\"https:\/\/www.cinemesroses.cat\/es\/actor\/el-langui\/\">El Langui<\/a>, <a href=\"https:\/\/www.cinemesroses.cat\/es\/actor\/gala-bichir\/\">Gala Bichir<\/a>, <a href=\"https:\/\/www.cinemesroses.cat\/es\/actor\/kamsiyochi-ngene\/\">Kamsiyochi Ngene<\/a>, <a href=\"https:\/\/www.cinemesroses.cat\/es\/actor\/leo-harlem\/\">Leo Harlem<\/a>, <a href=\"https:\/\/www.cinemesroses.cat\/es\/actor\/llum-barrera\/\">Llum Barrera<\/a>, <a href=\"https:\/\/www.cinemesroses.cat\/es\/actor\/meilin-zahn\/\">Meilin Zahn<\/a>, <a href=\"https:\/\/www.cinemesroses.cat\/es\/actor\/pepe-viyuela\/\">Pepe Viyuela<\/a>\n<\/div>\n<\/div>\n<div class=\"amy-movie-custom-field-group amy-movie-field-amy_director\">\n<label class=\"amy-movie-custom-field-label\">Director:<\/label>\n<div class=\"amy-movie-custom-field-content\">\n<a href=\"https:\/\/www.cinemesroses.cat\/es\/director\/joaquin-mazon\/\">Joaqu\u00edn Maz\u00f3n<\/a>\n<\/div>\n<\/div>\n<\/div>\n<div class=\"amy-movie-item-button\">\n<a href=\"https:\/\/www.youtube.com\/embed\/O9kD-WhRNus\" class=\"amy-btn-icon-text link-detail fancybox.iframe amy-fancybox\">\n<i class=\"fa fa-play\"><\/i>Trailer<\/a>\n<a class=\"amy-btn-icon-text link-detail\" href=\"https:\/\/www.cinemesroses.cat\/es\/pelicula\/la-familia-beneton-2-17-dabril\/\">\n<i class=\"fa fa-info\"><\/i>Detalle<\/a>\n<\/div>\n<\/div><\/div>\n<\/div>\n<\/div>\n<div class=\"amy-movie-item entry-item\">\n<div class=\"amy-movie-item-inner\">\n<div class=\"amy-movie-item-front\">\n<div class=\"amy-movie-item-poster\">\n<a href=\"https:\/\/www.cinemesroses.cat\/es\/pelicula\/no-te-olvidare-10-dabril\/\">\n<img decoding=\"async\" src=\"https:\/\/www.cinemesroses.cat\/wp-content\/uploads\/2026\/04\/2026-No-te-olvidare-196x336_c.jpg\" \/>\n<\/a>\n\n<\/div>\n<\/div>\n<div class=\"amy-movie-item-back\"><div class=\"amy-movie-item-back-inner\">\n<div class=\"amy-movie-item-content\">\n<h3 class=\"amy-movie-field-title\"><a href=\"https:\/\/www.cinemesroses.cat\/es\/pelicula\/no-te-olvidare-10-dabril\/\">No te olvidar\u00e9.<\/a><\/h3>\n\n<div class=\"amy-movie-item-meta\">\n\n<span class=\"amy-movie-field-duration\"><i class=\"fa fa-clock-o\"><\/i>01 horas 55 minutos<\/span>\n<\/div>\n<div class=\"amy-movie-field-desc\"><p>Despr\u00e9s d'una quedada perfecta amb el seu xicot, Kenna comet un error imperdonable que l'acaba enviant ...<\/p><\/div>\n<div class=\"amy-movie-custom-field-group amy-movie-field-amy_genre\">\n<label class=\"amy-movie-custom-field-label\">G\u00e9nero:<\/label>\n<div class=\"amy-movie-custom-field-content\">\n<a href=\"https:\/\/www.cinemesroses.cat\/es\/gen\/cartelera\/\">CARTELERA<\/a>, <a href=\"https:\/\/www.cinemesroses.cat\/es\/gen\/romantica\/\">Rom\u00e1ntica<\/a>\n<\/div>\n<\/div>\n<div class=\"amy-movie-custom-field-group amy-movie-field-amy_actor\">\n<label class=\"amy-movie-custom-field-label\">Actor:<\/label>\n<div class=\"amy-movie-custom-field-content\">\n<a href=\"https:\/\/www.cinemesroses.cat\/es\/actor\/bradley-whitford\/\">Bradley Whitford<\/a>, <a href=\"https:\/\/www.cinemesroses.cat\/es\/actor\/lainey-wilson\/\">Lainey Wilson<\/a>, <a href=\"https:\/\/www.cinemesroses.cat\/es\/actor\/lauren-graham\/\">Lauren Graham<\/a>, <a href=\"https:\/\/www.cinemesroses.cat\/es\/actor\/maika-monroe\/\">Maika Monroe<\/a>, <a href=\"https:\/\/www.cinemesroses.cat\/es\/actor\/nicholas-duvernay\/\">Nicholas Duvernay<\/a>, <a href=\"https:\/\/www.cinemesroses.cat\/es\/actor\/rudy-pankow\/\">Rudy Pankow<\/a>, <a href=\"https:\/\/www.cinemesroses.cat\/es\/actor\/tyriq-withers\/\">Tyriq Withers<\/a>\n<\/div>\n<\/div>\n<div class=\"amy-movie-custom-field-group amy-movie-field-amy_director\">\n<label class=\"amy-movie-custom-field-label\">Director:<\/label>\n<div class=\"amy-movie-custom-field-content\">\n<a href=\"https:\/\/www.cinemesroses.cat\/es\/director\/vanessa-caswill\/\">Vanessa Caswill<\/a>\n<\/div>\n<\/div>\n<\/div>\n<div class=\"amy-movie-item-button\">\n<a href=\"https:\/\/www.youtube.com\/embed\/KAb3liJl3A0\" class=\"amy-btn-icon-text link-detail fancybox.iframe amy-fancybox\">\n<i class=\"fa fa-play\"><\/i>Trailer<\/a>\n<a class=\"amy-btn-icon-text link-detail\" href=\"https:\/\/www.cinemesroses.cat\/es\/pelicula\/no-te-olvidare-10-dabril\/\">\n<i class=\"fa fa-info\"><\/i>Detalle<\/a>\n<\/div>\n<\/div><\/div>\n<\/div>\n<\/div>\n<div class=\"amy-movie-item entry-item\">\n<div class=\"amy-movie-item-inner\">\n<div class=\"amy-movie-item-front\">\n<div class=\"amy-movie-item-poster\">\n<a href=\"https:\/\/www.cinemesroses.cat\/es\/pelicula\/super-mario-galaxy-la-pelicula-01-dabril\/\">\n<img decoding=\"async\" src=\"https:\/\/www.cinemesroses.cat\/wp-content\/uploads\/2026\/03\/2026-Super-Mario-Galaxy.-la-pelicula-196x336_c.jpg\" \/>\n<\/a>\n\n<\/div>\n<\/div>\n<div class=\"amy-movie-item-back\"><div class=\"amy-movie-item-back-inner\">\n<div class=\"amy-movie-item-content\">\n<h3 class=\"amy-movie-field-title\"><a href=\"https:\/\/www.cinemesroses.cat\/es\/pelicula\/super-mario-galaxy-la-pelicula-01-dabril\/\">Super Mario Galaxy: la pel\u00edcula.<\/a><\/h3>\n\n<div class=\"amy-movie-item-meta\">\n\n<span class=\"amy-movie-field-duration\"><i class=\"fa fa-clock-o\"><\/i>01 horas 40 minutos<\/span>\n<\/div>\n<div class=\"amy-movie-field-desc\"><p>Seq\u00fcela de \"Super Mario Bros.: La pel\u00b7l\u00edcula\", inspirada en la saga \"Mario Galaxy\". Despr\u00e9s de v\u00e8ncer ...<\/p><\/div>\n<div class=\"amy-movie-custom-field-group amy-movie-field-amy_genre\">\n<label class=\"amy-movie-custom-field-label\">G\u00e9nero:<\/label>\n<div class=\"amy-movie-custom-field-content\">\n<a href=\"https:\/\/www.cinemesroses.cat\/es\/gen\/animacio\/\">Animaci\u00f3<\/a>, <a href=\"https:\/\/www.cinemesroses.cat\/es\/gen\/aventures\/\">Aventures<\/a>, <a href=\"https:\/\/www.cinemesroses.cat\/es\/gen\/cartelera\/\">CARTELERA<\/a>, <a href=\"https:\/\/www.cinemesroses.cat\/es\/gen\/fantastica\/\">Fant\u00e0stica<\/a>, <a href=\"https:\/\/www.cinemesroses.cat\/es\/gen\/videojocs\/\">Videojocs<\/a>\n<\/div>\n<\/div>\n<div class=\"amy-movie-custom-field-group amy-movie-field-amy_actor\">\n<\/div>\n<div class=\"amy-movie-custom-field-group amy-movie-field-amy_director\">\n<label class=\"amy-movie-custom-field-label\">Director:<\/label>\n<div class=\"amy-movie-custom-field-content\">\n<a href=\"https:\/\/www.cinemesroses.cat\/es\/director\/aaron-horvath\/\">Aaron Horvath<\/a>, <a href=\"https:\/\/www.cinemesroses.cat\/es\/director\/michael-jelenic\/\">Michael Jelenic<\/a>\n<\/div>\n<\/div>\n<\/div>\n<div class=\"amy-movie-item-button\">\n<a href=\"https:\/\/www.youtube.com\/embed\/Hz57G2KaAp8\" class=\"amy-btn-icon-text link-detail fancybox.iframe amy-fancybox\">\n<i class=\"fa fa-play\"><\/i>Trailer<\/a>\n<a class=\"amy-btn-icon-text link-detail\" href=\"https:\/\/www.cinemesroses.cat\/es\/pelicula\/super-mario-galaxy-la-pelicula-01-dabril\/\">\n<i class=\"fa fa-info\"><\/i>Detalle<\/a>\n<\/div>\n<\/div><\/div>\n<\/div>\n<\/div>\n<div class=\"amy-movie-item entry-item\">\n<div class=\"amy-movie-item-inner\">\n<div class=\"amy-movie-item-front\">\n<div class=\"amy-movie-item-poster\">\n<a href=\"https:\/\/www.cinemesroses.cat\/es\/pelicula\/michael-v-o-s-e\/\">\n<img decoding=\"async\" src=\"https:\/\/www.cinemesroses.cat\/wp-content\/uploads\/2026\/04\/2026-Michael-tt11378946-USA-2-196x336_c.jpg\" \/>\n<\/a>\n\n<\/div>\n<\/div>\n<div class=\"amy-movie-item-back\"><div class=\"amy-movie-item-back-inner\">\n<div class=\"amy-movie-item-content\">\n<h3 class=\"amy-movie-field-title\"><a href=\"https:\/\/www.cinemesroses.cat\/es\/pelicula\/michael-v-o-s-e\/\">Michael. V.O.S.E.<\/a><\/h3>\n\n<div class=\"amy-movie-item-meta\">\n\n<span class=\"amy-movie-field-duration\"><i class=\"fa fa-clock-o\"><\/i>02 horas 05 minutos<\/span>\n<\/div>\n<div class=\"amy-movie-field-desc\"><p>Antoine Fuqua's biopic about Michael Jackson. Starring the artist's nephew, Jaafar Jackson, it depicts Michael Jackson's ...<\/p><\/div>\n<div class=\"amy-movie-custom-field-group amy-movie-field-amy_genre\">\n<label class=\"amy-movie-custom-field-label\">G\u00e9nero:<\/label>\n<div class=\"amy-movie-custom-field-content\">\n<a href=\"https:\/\/www.cinemesroses.cat\/es\/gen\/biografic\/\">Biogr\u00e0fic<\/a>, <a href=\"https:\/\/www.cinemesroses.cat\/es\/gen\/cartelera\/\">CARTELERA<\/a>, <a href=\"https:\/\/www.cinemesroses.cat\/es\/gen\/musical\/\">Musical<\/a>\n<\/div>\n<\/div>\n<div class=\"amy-movie-custom-field-group amy-movie-field-amy_actor\">\n<label class=\"amy-movie-custom-field-label\">Actor:<\/label>\n<div class=\"amy-movie-custom-field-content\">\n<a href=\"https:\/\/www.cinemesroses.cat\/es\/actor\/colman-domingo\/\">Colman Domingo<\/a>, <a href=\"https:\/\/www.cinemesroses.cat\/es\/actor\/jaafar-jackson\/\">Jaafar Jackson<\/a>, <a href=\"https:\/\/www.cinemesroses.cat\/es\/actor\/jamal-henderson\/\">Jamal Henderson<\/a>, <a href=\"https:\/\/www.cinemesroses.cat\/es\/actor\/jessica-sula\/\">Jessica Sula<\/a>, <a href=\"https:\/\/www.cinemesroses.cat\/es\/actor\/joseph-david-jones\/\">Joseph David-Jones<\/a>, <a href=\"https:\/\/www.cinemesroses.cat\/es\/actor\/kat-graham\/\">Kat Graham<\/a>, <a href=\"https:\/\/www.cinemesroses.cat\/es\/actor\/kendrick-sampson\/\">Kendrick Sampson<\/a>, <a href=\"https:\/\/www.cinemesroses.cat\/es\/actor\/laura-harrier\/\">Laura Harrier<\/a>, <a href=\"https:\/\/www.cinemesroses.cat\/es\/actor\/miles-teller\/\">Miles Teller<\/a>, <a href=\"https:\/\/www.cinemesroses.cat\/es\/actor\/nia-long\/\">Nia Long<\/a>\n<\/div>\n<\/div>\n<div class=\"amy-movie-custom-field-group amy-movie-field-amy_director\">\n<label class=\"amy-movie-custom-field-label\">Director:<\/label>\n<div class=\"amy-movie-custom-field-content\">\n<a href=\"https:\/\/www.cinemesroses.cat\/es\/director\/antoine-fuqua\/\">Antoine Fuqua<\/a>\n<\/div>\n<\/div>\n<\/div>\n<div class=\"amy-movie-item-button\">\n<a href=\"https:\/\/www.youtube.com\/embed\/tVHD3hS6maw\" class=\"amy-btn-icon-text link-detail fancybox.iframe amy-fancybox\">\n<i class=\"fa fa-play\"><\/i>Trailer<\/a>\n<a class=\"amy-btn-icon-text link-detail\" href=\"https:\/\/www.cinemesroses.cat\/es\/pelicula\/michael-v-o-s-e\/\">\n<i class=\"fa fa-info\"><\/i>Detalle<\/a>\n<\/div>\n<\/div><\/div>\n<\/div>\n<\/div>\n<div class=\"amy-movie-item entry-item\">\n<div class=\"amy-movie-item-inner\">\n<div class=\"amy-movie-item-front\">\n<div class=\"amy-movie-item-poster\">\n<a href=\"https:\/\/www.cinemesroses.cat\/es\/pelicula\/torrente-presidente-13-de-marc\/\">\n<img decoding=\"async\" src=\"https:\/\/www.cinemesroses.cat\/wp-content\/uploads\/2026\/03\/2026-Torrente-Presidente-tt37969901-teaser-Espanol-196x336_c.jpg\" \/>\n<\/a>\n\n<\/div>\n<\/div>\n<div class=\"amy-movie-item-back\"><div class=\"amy-movie-item-back-inner\">\n<div class=\"amy-movie-item-content\">\n<h3 class=\"amy-movie-field-title\"><a href=\"https:\/\/www.cinemesroses.cat\/es\/pelicula\/torrente-presidente-13-de-marc\/\">Torrente Presidente<\/a><\/h3>\n\n<div class=\"amy-movie-item-meta\">\n\n<span class=\"amy-movie-field-duration\"><i class=\"fa fa-clock-o\"><\/i>01 horas 45 minutos<\/span>\n<\/div>\n<div class=\"amy-movie-field-desc\"><p>Sis\u00e8 lliurament de la saga 'Torrente'. Jos\u00e9 Luis Torrente, sempre conven\u00e7ut de ser un heroi nacional ...<\/p><\/div>\n<div class=\"amy-movie-custom-field-group amy-movie-field-amy_genre\">\n<label class=\"amy-movie-custom-field-label\">G\u00e9nero:<\/label>\n<div class=\"amy-movie-custom-field-content\">\n<a href=\"https:\/\/www.cinemesroses.cat\/es\/gen\/cartelera\/\">CARTELERA<\/a>, <a href=\"https:\/\/www.cinemesroses.cat\/es\/gen\/comedia\/\">Comedia<\/a>, <a href=\"https:\/\/www.cinemesroses.cat\/es\/gen\/comedia-negra\/\">Com\u00e8dia negra<\/a>\n<\/div>\n<\/div>\n<div class=\"amy-movie-custom-field-group amy-movie-field-amy_actor\">\n<label class=\"amy-movie-custom-field-label\">Actor:<\/label>\n<div class=\"amy-movie-custom-field-content\">\n<a href=\"https:\/\/www.cinemesroses.cat\/es\/actor\/santiago-segura\/\">Santiago Segura<\/a>\n<\/div>\n<\/div>\n<div class=\"amy-movie-custom-field-group amy-movie-field-amy_director\">\n<label class=\"amy-movie-custom-field-label\">Director:<\/label>\n<div class=\"amy-movie-custom-field-content\">\n<a href=\"https:\/\/www.cinemesroses.cat\/es\/director\/santiago-segura\/\">Santiago Segura<\/a>\n<\/div>\n<\/div>\n<\/div>\n<div class=\"amy-movie-item-button\">\n<a href=\"https:\/\/www.youtube.com\/embed\/w72qB7eR5Gg\" class=\"amy-btn-icon-text link-detail fancybox.iframe amy-fancybox\">\n<i class=\"fa fa-play\"><\/i>Trailer<\/a>\n<a class=\"amy-btn-icon-text link-detail\" href=\"https:\/\/www.cinemesroses.cat\/es\/pelicula\/torrente-presidente-13-de-marc\/\">\n<i class=\"fa fa-info\"><\/i>Detalle<\/a>\n<\/div>\n<\/div><\/div>\n<\/div>\n<\/div>\n<\/div>\n\n<\/div><\/div>[\/vc_column][\/vc_row]<\/p>\n","protected":false},"excerpt":{"rendered":"<p>[vc_row][vc_column][vc_column_text css=\u00bb.vc_custom_1643398339679{margin-top: -40px !important;margin-bottom: 50px !important;}\u00bb el_class=\u00bbamy-title\u00bb] Cartelera en Cinemes Roses [\/vc_column_text][\/vc_column][\/vc_row]<\/p>\n","protected":false},"author":1,"featured_media":0,"parent":0,"menu_order":0,"comment_status":"closed","ping_status":"closed","template":"","meta":{"footnotes":""},"class_list":["post-297","page","type-page","status-publish","h-entry","hentry"],"yoast_head":"<!-- This site is optimized with the Yoast SEO plugin v27.2 - https:\/\/yoast.com\/product\/yoast-seo-wordpress\/ -->\n<title>Cartelera &#8226; Cinemes Roses<\/title>\n<meta name=\"description\" content=\"Consulta nuestra cartelera, tenemos las \u00faltimas novedades en nuestro cine de Roses (Girona). Ven con toda la familia a disfrutar del cine.\" \/>\n<meta name=\"robots\" content=\"index, follow, max-snippet:-1, max-image-preview:large, max-video-preview:-1\" \/>\n<link rel=\"canonical\" href=\"https:\/\/www.cinemesroses.cat\/es\/cartelera\/\" \/>\n<meta property=\"og:locale\" content=\"es_ES\" \/>\n<meta property=\"og:type\" content=\"article\" \/>\n<meta property=\"og:title\" content=\"Cartelera &#8226; Cinemes Roses\" \/>\n<meta property=\"og:description\" content=\"Consulta nuestra cartelera, tenemos las \u00faltimas novedades en nuestro cine de Roses (Girona). Ven con toda la familia a disfrutar del cine.\" \/>\n<meta property=\"og:url\" content=\"https:\/\/www.cinemesroses.cat\/es\/cartelera\/\" \/>\n<meta property=\"og:site_name\" content=\"Cinemes Roses\" \/>\n<meta property=\"article:modified_time\" content=\"2022-03-08T18:09:03+00:00\" \/>\n<meta name=\"twitter:card\" content=\"summary_large_image\" \/>\n<script type=\"application\/ld+json\" class=\"yoast-schema-graph\">{\"@context\":\"https:\/\/schema.org\",\"@graph\":[{\"@type\":\"WebPage\",\"@id\":\"https:\/\/www.cinemesroses.cat\/es\/cartelera\/\",\"url\":\"https:\/\/www.cinemesroses.cat\/es\/cartelera\/\",\"name\":\"Cartelera &#8226; Cinemes Roses\",\"isPartOf\":{\"@id\":\"https:\/\/www.cinemesroses.cat\/es\/#website\"},\"datePublished\":\"2021-12-16T16:09:06+00:00\",\"dateModified\":\"2022-03-08T18:09:03+00:00\",\"description\":\"Consulta nuestra cartelera, tenemos las \u00faltimas novedades en nuestro cine de Roses (Girona). Ven con toda la familia a disfrutar del cine.\",\"breadcrumb\":{\"@id\":\"https:\/\/www.cinemesroses.cat\/es\/cartelera\/#breadcrumb\"},\"inLanguage\":\"es\",\"potentialAction\":[{\"@type\":\"ReadAction\",\"target\":[\"https:\/\/www.cinemesroses.cat\/es\/cartelera\/\"]}]},{\"@type\":\"BreadcrumbList\",\"@id\":\"https:\/\/www.cinemesroses.cat\/es\/cartelera\/#breadcrumb\",\"itemListElement\":[{\"@type\":\"ListItem\",\"position\":1,\"name\":\"Portada\",\"item\":\"https:\/\/www.cinemesroses.cat\/es\/\"},{\"@type\":\"ListItem\",\"position\":2,\"name\":\"Cartelera\"}]},{\"@type\":\"WebSite\",\"@id\":\"https:\/\/www.cinemesroses.cat\/es\/#website\",\"url\":\"https:\/\/www.cinemesroses.cat\/es\/\",\"name\":\"Cinemes Roses\",\"description\":\"Cine 5 Salas\",\"publisher\":{\"@id\":\"https:\/\/www.cinemesroses.cat\/es\/#organization\"},\"potentialAction\":[{\"@type\":\"SearchAction\",\"target\":{\"@type\":\"EntryPoint\",\"urlTemplate\":\"https:\/\/www.cinemesroses.cat\/es\/?s={search_term_string}\"},\"query-input\":{\"@type\":\"PropertyValueSpecification\",\"valueRequired\":true,\"valueName\":\"search_term_string\"}}],\"inLanguage\":\"es\"},{\"@type\":\"Organization\",\"@id\":\"https:\/\/www.cinemesroses.cat\/es\/#organization\",\"name\":\"Cinemes Roses\",\"url\":\"https:\/\/www.cinemesroses.cat\/es\/\",\"logo\":{\"@type\":\"ImageObject\",\"inLanguage\":\"es\",\"@id\":\"https:\/\/www.cinemesroses.cat\/es\/#\/schema\/logo\/image\/\",\"url\":\"https:\/\/www.cinemesroses.cat\/wp-content\/uploads\/2022\/03\/logo-cinemes.png\",\"contentUrl\":\"https:\/\/www.cinemesroses.cat\/wp-content\/uploads\/2022\/03\/logo-cinemes.png\",\"width\":721,\"height\":346,\"caption\":\"Cinemes Roses\"},\"image\":{\"@id\":\"https:\/\/www.cinemesroses.cat\/es\/#\/schema\/logo\/image\/\"}}]}<\/script>\n<!-- \/ Yoast SEO plugin. -->","yoast_head_json":{"title":"Cartelera &#8226; Cinemes Roses","description":"Consulta nuestra cartelera, tenemos las \u00faltimas novedades en nuestro cine de Roses (Girona). Ven con toda la familia a disfrutar del cine.","robots":{"index":"index","follow":"follow","max-snippet":"max-snippet:-1","max-image-preview":"max-image-preview:large","max-video-preview":"max-video-preview:-1"},"canonical":"https:\/\/www.cinemesroses.cat\/es\/cartelera\/","og_locale":"es_ES","og_type":"article","og_title":"Cartelera &#8226; Cinemes Roses","og_description":"Consulta nuestra cartelera, tenemos las \u00faltimas novedades en nuestro cine de Roses (Girona). Ven con toda la familia a disfrutar del cine.","og_url":"https:\/\/www.cinemesroses.cat\/es\/cartelera\/","og_site_name":"Cinemes Roses","article_modified_time":"2022-03-08T18:09:03+00:00","twitter_card":"summary_large_image","schema":{"@context":"https:\/\/schema.org","@graph":[{"@type":"WebPage","@id":"https:\/\/www.cinemesroses.cat\/es\/cartelera\/","url":"https:\/\/www.cinemesroses.cat\/es\/cartelera\/","name":"Cartelera &#8226; Cinemes Roses","isPartOf":{"@id":"https:\/\/www.cinemesroses.cat\/es\/#website"},"datePublished":"2021-12-16T16:09:06+00:00","dateModified":"2022-03-08T18:09:03+00:00","description":"Consulta nuestra cartelera, tenemos las \u00faltimas novedades en nuestro cine de Roses (Girona). Ven con toda la familia a disfrutar del cine.","breadcrumb":{"@id":"https:\/\/www.cinemesroses.cat\/es\/cartelera\/#breadcrumb"},"inLanguage":"es","potentialAction":[{"@type":"ReadAction","target":["https:\/\/www.cinemesroses.cat\/es\/cartelera\/"]}]},{"@type":"BreadcrumbList","@id":"https:\/\/www.cinemesroses.cat\/es\/cartelera\/#breadcrumb","itemListElement":[{"@type":"ListItem","position":1,"name":"Portada","item":"https:\/\/www.cinemesroses.cat\/es\/"},{"@type":"ListItem","position":2,"name":"Cartelera"}]},{"@type":"WebSite","@id":"https:\/\/www.cinemesroses.cat\/es\/#website","url":"https:\/\/www.cinemesroses.cat\/es\/","name":"Cinemes Roses","description":"Cine 5 Salas","publisher":{"@id":"https:\/\/www.cinemesroses.cat\/es\/#organization"},"potentialAction":[{"@type":"SearchAction","target":{"@type":"EntryPoint","urlTemplate":"https:\/\/www.cinemesroses.cat\/es\/?s={search_term_string}"},"query-input":{"@type":"PropertyValueSpecification","valueRequired":true,"valueName":"search_term_string"}}],"inLanguage":"es"},{"@type":"Organization","@id":"https:\/\/www.cinemesroses.cat\/es\/#organization","name":"Cinemes Roses","url":"https:\/\/www.cinemesroses.cat\/es\/","logo":{"@type":"ImageObject","inLanguage":"es","@id":"https:\/\/www.cinemesroses.cat\/es\/#\/schema\/logo\/image\/","url":"https:\/\/www.cinemesroses.cat\/wp-content\/uploads\/2022\/03\/logo-cinemes.png","contentUrl":"https:\/\/www.cinemesroses.cat\/wp-content\/uploads\/2022\/03\/logo-cinemes.png","width":721,"height":346,"caption":"Cinemes Roses"},"image":{"@id":"https:\/\/www.cinemesroses.cat\/es\/#\/schema\/logo\/image\/"}}]}},"_links":{"self":[{"href":"https:\/\/www.cinemesroses.cat\/es\/wp-json\/wp\/v2\/pages\/297","targetHints":{"allow":["GET"]}}],"collection":[{"href":"https:\/\/www.cinemesroses.cat\/es\/wp-json\/wp\/v2\/pages"}],"about":[{"href":"https:\/\/www.cinemesroses.cat\/es\/wp-json\/wp\/v2\/types\/page"}],"author":[{"embeddable":true,"href":"https:\/\/www.cinemesroses.cat\/es\/wp-json\/wp\/v2\/users\/1"}],"replies":[{"embeddable":true,"href":"https:\/\/www.cinemesroses.cat\/es\/wp-json\/wp\/v2\/comments?post=297"}],"version-history":[{"count":19,"href":"https:\/\/www.cinemesroses.cat\/es\/wp-json\/wp\/v2\/pages\/297\/revisions"}],"predecessor-version":[{"id":658,"href":"https:\/\/www.cinemesroses.cat\/es\/wp-json\/wp\/v2\/pages\/297\/revisions\/658"}],"wp:attachment":[{"href":"https:\/\/www.cinemesroses.cat\/es\/wp-json\/wp\/v2\/media?parent=297"}],"curies":[{"name":"wp","href":"https:\/\/api.w.org\/{rel}","templated":true}]}}